{"id":602,"date":"2017-06-16T17:59:00","date_gmt":"2017-06-16T20:59:00","guid":{"rendered":"http:\/\/www.rauldesa.com.br\/site\/?post_type=namaste_course&#038;p=602"},"modified":"2018-01-15T12:39:23","modified_gmt":"2018-01-15T14:39:23","slug":"curso-de-piano","status":"publish","type":"namaste_course","link":"http:\/\/www.rauldesa.com.br\/site\/namaste-course\/curso-de-piano\/","title":{"rendered":"Curso de Piano Pr\u00e1tico para M\u00fasica Popular."},"content":{"rendered":"<figure id=\"attachment_605\" aria-describedby=\"caption-attachment-605\" style=\"width: 2048px\" class=\"wp-caption alignleft\"><img data-recalc-dims=\"1\" loading=\"lazy\" decoding=\"async\" data-attachment-id=\"605\" data-permalink=\"http:\/\/www.rauldesa.com.br\/site\/namaste-course\/curso-de-piano\/de-cima-1\/\" data-orig-file=\"https:\/\/i0.wp.com\/www.rauldesa.com.br\/site\/wp-content\/uploads\/2017\/06\/de-cima.1.jpg?fit=2048%2C1152\" data-orig-size=\"2048,1152\" data-comments-opened=\"1\" data-image-meta=\"{&quot;aperture&quot;:&quot;0&quot;,&quot;credit&quot;:&quot;&quot;,&quot;camera&quot;:&quot;&quot;,&quot;caption&quot;:&quot;&quot;,&quot;created_timestamp&quot;:&quot;0&quot;,&quot;copyright&quot;:&quot;&quot;,&quot;focal_length&quot;:&quot;0&quot;,&quot;iso&quot;:&quot;0&quot;,&quot;shutter_speed&quot;:&quot;0&quot;,&quot;title&quot;:&quot;&quot;,&quot;orientation&quot;:&quot;1&quot;}\" data-image-title=\"de-cima.1\" data-image-description=\"&lt;p&gt;Apresenta\u00e7\u00e3o musical no antigo Photozofia, em S. Fco. Xavier(SP). &lt;\/p&gt;\n\" data-image-caption=\"&lt;p&gt;Visto de Cima.&lt;\/p&gt;\n\" data-large-file=\"https:\/\/i0.wp.com\/www.rauldesa.com.br\/site\/wp-content\/uploads\/2017\/06\/de-cima.1.jpg?fit=1024%2C576\" class=\"wp-image-605 size-full\" src=\"https:\/\/i0.wp.com\/www.rauldesa.com.br\/site\/wp-content\/uploads\/2017\/06\/de-cima.1.jpg?resize=1170%2C658\" alt=\"tocando-no-photozofia\" width=\"1170\" height=\"658\" srcset=\"https:\/\/i0.wp.com\/www.rauldesa.com.br\/site\/wp-content\/uploads\/2017\/06\/de-cima.1.jpg?w=2048 2048w, https:\/\/i0.wp.com\/www.rauldesa.com.br\/site\/wp-content\/uploads\/2017\/06\/de-cima.1.jpg?resize=300%2C169 300w, https:\/\/i0.wp.com\/www.rauldesa.com.br\/site\/wp-content\/uploads\/2017\/06\/de-cima.1.jpg?resize=768%2C432 768w, https:\/\/i0.wp.com\/www.rauldesa.com.br\/site\/wp-content\/uploads\/2017\/06\/de-cima.1.jpg?resize=1024%2C576 1024w, https:\/\/i0.wp.com\/www.rauldesa.com.br\/site\/wp-content\/uploads\/2017\/06\/de-cima.1.jpg?resize=1080%2C608 1080w, https:\/\/i0.wp.com\/www.rauldesa.com.br\/site\/wp-content\/uploads\/2017\/06\/de-cima.1.jpg?resize=520%2C293 520w, https:\/\/i0.wp.com\/www.rauldesa.com.br\/site\/wp-content\/uploads\/2017\/06\/de-cima.1.jpg?resize=740%2C416 740w\" sizes=\"auto, (max-width: 1170px) 100vw, 1170px\" \/><figcaption id=\"caption-attachment-605\" class=\"wp-caption-text\">Curso Pr\u00e1tico de Piano.<\/figcaption><\/figure>\n<p>&nbsp;<\/p>\n<p>Este\u00a0<a href=\"http:\/\/www.rauldesa.com.br\/site\/namaste-course\/curso-de-piano\/\" target=\"_blank\" rel=\"noopener\"><strong>Curso \u00a0de Piano\u00a0Pr\u00e1tico<\/strong><\/a>, voltado para a M\u00fasica Popular \u00e9 para aqueles que desejam vencer as dificuldades que aparecem, ao se iniciarem no universo da<strong> M\u00fasica Popular.<\/strong>\u00a0 Procurando simplificar a leitura e interpreta\u00e7\u00e3o adequada tanto das cifras quanto das notas musicais, inevitavelmente, chegaremos\u00a0 a um importante conceito em M\u00fasica: Os <strong>Intervalos.<\/strong><\/p>\n<p>N\u00e3o h\u00e1 como separar o estudo da M\u00fasica Popular, do conhecimento dos Intervalos. \u00a0 Principalmente quando se lida com cifras, este conhecimento torna-se ainda mais necess\u00e1rio.<\/p>\n<p>O in\u00edcio se dar\u00e1 com o estabelecimento de uma regi\u00e3o espec\u00edfica do Instrumento, com o objetivo de iniciar o Aluno ao princ\u00edpio do <a href=\"http:\/\/www.rauldesa.com.br\/site\/eventos-com-musica-duo\/\" target=\"_blank\" rel=\"noopener\"><em><strong>Acompanhamento de um Solista<\/strong><\/em><\/a>, \u00a0utilizando as duas m\u00e3os para montar os acordes.<\/p>\n<p>A partir da\u00ed, iremos estabelecer um<strong> vocabul\u00e1rio de acordes<\/strong>, contendo aqueles que s\u00e3o os mais utilizados, na M\u00fasica Popular e iremos separ\u00e1-los em <strong>quatro grupos<\/strong>, os quais ter\u00e3o como complemento, cada qual, a <strong>Escala<\/strong> correspondente e que abrange cada grupo de acordes, com diferentes rela\u00e7\u00f5es intervalares entre as t\u00f4nicas.<\/p>\n<p>Todos os conceitos apresentados, ser\u00e3o estudados <em><strong>EM TODOS OS TONS<\/strong><\/em>. \u00a0 <strong>O <\/strong>Pianista que se prop\u00f5e a seguir este <em><strong>Curso Pr\u00e1tico de Piano<\/strong><\/em>\u00a0<strong>\u00a0n\u00e3o deve se abster de se preparar para tocar em qualquer tom que lhe seja proposto.\u00a0<\/strong><\/p>\n<p>A <strong>Segunda Fase<\/strong>, que ser\u00e1 consequ\u00eancia direta da primeira, iniciar\u00e1 o Aluno na pr\u00e1tica de usar o APOIO HARM\u00d4NICO, com a <em>m\u00e3o esquerda<\/em>, para dar suporte \u00e0<em> m\u00e3o direita<\/em> que executar\u00e1 a <em><strong>Melodia, Solo ou Improviso.<\/strong><\/em><\/p>\n<p>Tudo isso est\u00e1 ligado \u00e0s escalas anteriores que dominam os grupos dos <strong>Acordes Mais Utilizados em M\u00fasica Popular<\/strong>, cada um em seu grupo correspondente.<\/p>\n<p>Uma vez apresentados esses quatro grupos , com suas respectivas escalas, o Estudante j\u00e1 poder\u00e1 analisar de uma forma muito mais f\u00e1cil e pr\u00e1tica, qualquer partitura que envolva Melodia(notas) e Harmonia(Cifras ou Notas), sabendo perfeitamente onde se localizar e o que fazer para proceder \u00e0 fase de Acompanhamento, Solo ou Improvisa\u00e7\u00e3o.<\/p>\n<p>Mais tarde, em outra fase, a mesma base \u00a0te\u00f3rica, apresentada no in\u00edcio do curso, servir\u00e1 tamb\u00e9m para a pr\u00e1tica da Composi\u00e7\u00e3o e do Arranjo, em um n\u00edvel simples e , ao mesmo tempo, bastante abrangente.<\/p>\n<p>As aulas podem ser<strong> Presenciais e Individuais<\/strong>. \u00a0Mas, j\u00e1 se encontram dispon\u00edveis, tamb\u00e9m\u00a0<strong>on line, pelo SKYPE(luardesa).<\/strong><\/p>\n<p>Quem se interessar poder\u00e1 entrar em <strong>contato<\/strong> se inscrevendo aqui <strong>pelo site (clique no link abaixo para se cadastrar)\u00a0<\/strong>, ou <strong>WhatsApp <em>(12)997448735<\/em><\/strong>.<\/p>\n<p>&nbsp;<\/p>\nYou can enroll in this course from your student dashboard. You need to be <a href=\\\"http:\/\/www.rauldesa.com.br\/site\/wp-login.php\\\">logged in<\/a>.\n<p>&nbsp;<\/p>\n<p>&nbsp;<\/p>\n","protected":false},"excerpt":{"rendered":"<p>Neste curso, al\u00e9m de se familiarizar com os Acordes mais utilizados, em M\u00fasica Popular, o Aluno aprender\u00e1 v\u00e1rias formas de empreg\u00e1-los, na pr\u00e1tica e a relacion\u00e1-los com as escalas.   Aprender\u00e1 as formas b\u00e1sicas de tocar:  Acompanhamento de solista, utilizando harmonia com as duas m\u00e3os.  Acompanhamento, pela m\u00e3o esquerda(apoio) da M\u00e3o direita(solo) e, posteriormente, Improvisa\u00e7\u00e3o(M\u00e3o direita). <\/p>\n","protected":false},"author":1,"featured_media":270,"comment_status":"open","ping_status":"closed","template":"","format":"standard","categories":[85,75,44],"tags":[82,78,77,83,81,84,13,79,33,131,80],"class_list":["post-602","namaste_course","type-namaste_course","status-publish","format-standard","has-post-thumbnail","hentry","category-cursos","category-musica","category-videos","tag-cifras","tag-curso","tag-cursos","tag-escalas","tag-estudo","tag-harmonia","tag-musica","tag-musica-popular","tag-piano","tag-piano-popular","tag-pratica"],"yoast_head":"<!-- This site is optimized with the Yoast SEO plugin v27.5 - https:\/\/yoast.com\/product\/yoast-seo-wordpress\/ -->\n<title>Curso de Piano Pr\u00e1tico para M\u00fasica Popular. - Raul de S\u00e1<\/title>\n<meta name=\"robots\" content=\"index, follow, max-snippet:-1, max-image-preview:large, max-video-preview:-1\" \/>\n<link rel=\"canonical\" href=\"http:\/\/www.rauldesa.com.br\/site\/namaste-course\/curso-de-piano\/\" \/>\n<meta property=\"og:locale\" content=\"pt_BR\" \/>\n<meta property=\"og:type\" content=\"article\" \/>\n<meta property=\"og:title\" content=\"Curso de Piano Pr\u00e1tico para M\u00fasica Popular. - Raul de S\u00e1\" \/>\n<meta property=\"og:description\" content=\"Neste curso, al\u00e9m de se familiarizar com os Acordes mais utilizados, em M\u00fasica Popular, o Aluno aprender\u00e1 v\u00e1rias formas de empreg\u00e1-los, na pr\u00e1tica e a relacion\u00e1-los com as escalas.  Aprender\u00e1 as formas b\u00e1sicas de tocar: Acompanhamento de solista, utilizando harmonia com as duas m\u00e3os. Acompanhamento, pela m\u00e3o esquerda(apoio) da M\u00e3o direita(solo) e, posteriormente, Improvisa\u00e7\u00e3o(M\u00e3o direita).\" \/>\n<meta property=\"og:url\" content=\"http:\/\/www.rauldesa.com.br\/site\/namaste-course\/curso-de-piano\/\" \/>\n<meta property=\"og:site_name\" content=\"Raul de S\u00e1\" \/>\n<meta property=\"article:modified_time\" content=\"2018-01-15T14:39:23+00:00\" \/>\n<meta property=\"og:image\" content=\"https:\/\/i0.wp.com\/www.rauldesa.com.br\/site\/wp-content\/uploads\/2016\/08\/sala-mario-covas.jpg?fit=957%2C638\" \/>\n\t<meta property=\"og:image:width\" content=\"957\" \/>\n\t<meta property=\"og:image:height\" content=\"638\" \/>\n\t<meta property=\"og:image:type\" content=\"image\/jpeg\" \/>\n<meta name=\"twitter:card\" content=\"summary_large_image\" \/>\n<meta name=\"twitter:site\" content=\"@rauldesa\" \/>\n<meta name=\"twitter:label1\" content=\"Est. tempo de leitura\" \/>\n\t<meta name=\"twitter:data1\" content=\"2 minutos\" \/>\n<script type=\"application\/ld+json\" class=\"yoast-schema-graph\">{\"@context\":\"https:\\\/\\\/schema.org\",\"@graph\":[{\"@type\":\"WebPage\",\"@id\":\"http:\\\/\\\/www.rauldesa.com.br\\\/site\\\/namaste-course\\\/curso-de-piano\\\/\",\"url\":\"http:\\\/\\\/www.rauldesa.com.br\\\/site\\\/namaste-course\\\/curso-de-piano\\\/\",\"name\":\"Curso de Piano Pr\u00e1tico para M\u00fasica Popular. - Raul de S\u00e1\",\"isPartOf\":{\"@id\":\"http:\\\/\\\/www.rauldesa.com.br\\\/site\\\/#website\"},\"primaryImageOfPage\":{\"@id\":\"http:\\\/\\\/www.rauldesa.com.br\\\/site\\\/namaste-course\\\/curso-de-piano\\\/#primaryimage\"},\"image\":{\"@id\":\"http:\\\/\\\/www.rauldesa.com.br\\\/site\\\/namaste-course\\\/curso-de-piano\\\/#primaryimage\"},\"thumbnailUrl\":\"https:\\\/\\\/i0.wp.com\\\/www.rauldesa.com.br\\\/site\\\/wp-content\\\/uploads\\\/2016\\\/08\\\/sala-mario-covas.jpg?fit=957%2C638\",\"datePublished\":\"2017-06-16T20:59:00+00:00\",\"dateModified\":\"2018-01-15T14:39:23+00:00\",\"breadcrumb\":{\"@id\":\"http:\\\/\\\/www.rauldesa.com.br\\\/site\\\/namaste-course\\\/curso-de-piano\\\/#breadcrumb\"},\"inLanguage\":\"pt-BR\",\"potentialAction\":[{\"@type\":\"ReadAction\",\"target\":[\"http:\\\/\\\/www.rauldesa.com.br\\\/site\\\/namaste-course\\\/curso-de-piano\\\/\"]}]},{\"@type\":\"ImageObject\",\"inLanguage\":\"pt-BR\",\"@id\":\"http:\\\/\\\/www.rauldesa.com.br\\\/site\\\/namaste-course\\\/curso-de-piano\\\/#primaryimage\",\"url\":\"https:\\\/\\\/i0.wp.com\\\/www.rauldesa.com.br\\\/site\\\/wp-content\\\/uploads\\\/2016\\\/08\\\/sala-mario-covas.jpg?fit=957%2C638\",\"contentUrl\":\"https:\\\/\\\/i0.wp.com\\\/www.rauldesa.com.br\\\/site\\\/wp-content\\\/uploads\\\/2016\\\/08\\\/sala-mario-covas.jpg?fit=957%2C638\",\"width\":957,\"height\":638},{\"@type\":\"BreadcrumbList\",\"@id\":\"http:\\\/\\\/www.rauldesa.com.br\\\/site\\\/namaste-course\\\/curso-de-piano\\\/#breadcrumb\",\"itemListElement\":[{\"@type\":\"ListItem\",\"position\":1,\"name\":\"In\u00edcio\",\"item\":\"http:\\\/\\\/www.rauldesa.com.br\\\/site\\\/\"},{\"@type\":\"ListItem\",\"position\":2,\"name\":\"Curso de Piano Pr\u00e1tico para M\u00fasica Popular.\"}]},{\"@type\":\"WebSite\",\"@id\":\"http:\\\/\\\/www.rauldesa.com.br\\\/site\\\/#website\",\"url\":\"http:\\\/\\\/www.rauldesa.com.br\\\/site\\\/\",\"name\":\"Raul de S\u00e1\",\"description\":\"M\u00fasico Profissional.\",\"publisher\":{\"@id\":\"http:\\\/\\\/www.rauldesa.com.br\\\/site\\\/#\\\/schema\\\/person\\\/735a515907ce4ba24a43bcf7f4722977\"},\"potentialAction\":[{\"@type\":\"SearchAction\",\"target\":{\"@type\":\"EntryPoint\",\"urlTemplate\":\"http:\\\/\\\/www.rauldesa.com.br\\\/site\\\/?s={search_term_string}\"},\"query-input\":{\"@type\":\"PropertyValueSpecification\",\"valueRequired\":true,\"valueName\":\"search_term_string\"}}],\"inLanguage\":\"pt-BR\"},{\"@type\":[\"Person\",\"Organization\"],\"@id\":\"http:\\\/\\\/www.rauldesa.com.br\\\/site\\\/#\\\/schema\\\/person\\\/735a515907ce4ba24a43bcf7f4722977\",\"name\":\"rauldesa\",\"image\":{\"@type\":\"ImageObject\",\"inLanguage\":\"pt-BR\",\"@id\":\"https:\\\/\\\/secure.gravatar.com\\\/avatar\\\/e0aa5955837acbfd814978e4b39c23a91990975c69521ac84b077a7eb36365c8?s=96&d=mm&r=g\",\"url\":\"https:\\\/\\\/secure.gravatar.com\\\/avatar\\\/e0aa5955837acbfd814978e4b39c23a91990975c69521ac84b077a7eb36365c8?s=96&d=mm&r=g\",\"contentUrl\":\"https:\\\/\\\/secure.gravatar.com\\\/avatar\\\/e0aa5955837acbfd814978e4b39c23a91990975c69521ac84b077a7eb36365c8?s=96&d=mm&r=g\",\"caption\":\"rauldesa\"},\"logo\":{\"@id\":\"https:\\\/\\\/secure.gravatar.com\\\/avatar\\\/e0aa5955837acbfd814978e4b39c23a91990975c69521ac84b077a7eb36365c8?s=96&d=mm&r=g\"}}]}<\/script>\n<!-- \/ Yoast SEO plugin. -->","yoast_head_json":{"title":"Curso de Piano Pr\u00e1tico para M\u00fasica Popular. - Raul de S\u00e1","robots":{"index":"index","follow":"follow","max-snippet":"max-snippet:-1","max-image-preview":"max-image-preview:large","max-video-preview":"max-video-preview:-1"},"canonical":"http:\/\/www.rauldesa.com.br\/site\/namaste-course\/curso-de-piano\/","og_locale":"pt_BR","og_type":"article","og_title":"Curso de Piano Pr\u00e1tico para M\u00fasica Popular. - Raul de S\u00e1","og_description":"Neste curso, al\u00e9m de se familiarizar com os Acordes mais utilizados, em M\u00fasica Popular, o Aluno aprender\u00e1 v\u00e1rias formas de empreg\u00e1-los, na pr\u00e1tica e a relacion\u00e1-los com as escalas.  Aprender\u00e1 as formas b\u00e1sicas de tocar: Acompanhamento de solista, utilizando harmonia com as duas m\u00e3os. Acompanhamento, pela m\u00e3o esquerda(apoio) da M\u00e3o direita(solo) e, posteriormente, Improvisa\u00e7\u00e3o(M\u00e3o direita).","og_url":"http:\/\/www.rauldesa.com.br\/site\/namaste-course\/curso-de-piano\/","og_site_name":"Raul de S\u00e1","article_modified_time":"2018-01-15T14:39:23+00:00","og_image":[{"width":957,"height":638,"url":"https:\/\/i0.wp.com\/www.rauldesa.com.br\/site\/wp-content\/uploads\/2016\/08\/sala-mario-covas.jpg?fit=957%2C638","type":"image\/jpeg"}],"twitter_card":"summary_large_image","twitter_site":"@rauldesa","twitter_misc":{"Est. tempo de leitura":"2 minutos"},"schema":{"@context":"https:\/\/schema.org","@graph":[{"@type":"WebPage","@id":"http:\/\/www.rauldesa.com.br\/site\/namaste-course\/curso-de-piano\/","url":"http:\/\/www.rauldesa.com.br\/site\/namaste-course\/curso-de-piano\/","name":"Curso de Piano Pr\u00e1tico para M\u00fasica Popular. - Raul de S\u00e1","isPartOf":{"@id":"http:\/\/www.rauldesa.com.br\/site\/#website"},"primaryImageOfPage":{"@id":"http:\/\/www.rauldesa.com.br\/site\/namaste-course\/curso-de-piano\/#primaryimage"},"image":{"@id":"http:\/\/www.rauldesa.com.br\/site\/namaste-course\/curso-de-piano\/#primaryimage"},"thumbnailUrl":"https:\/\/i0.wp.com\/www.rauldesa.com.br\/site\/wp-content\/uploads\/2016\/08\/sala-mario-covas.jpg?fit=957%2C638","datePublished":"2017-06-16T20:59:00+00:00","dateModified":"2018-01-15T14:39:23+00:00","breadcrumb":{"@id":"http:\/\/www.rauldesa.com.br\/site\/namaste-course\/curso-de-piano\/#breadcrumb"},"inLanguage":"pt-BR","potentialAction":[{"@type":"ReadAction","target":["http:\/\/www.rauldesa.com.br\/site\/namaste-course\/curso-de-piano\/"]}]},{"@type":"ImageObject","inLanguage":"pt-BR","@id":"http:\/\/www.rauldesa.com.br\/site\/namaste-course\/curso-de-piano\/#primaryimage","url":"https:\/\/i0.wp.com\/www.rauldesa.com.br\/site\/wp-content\/uploads\/2016\/08\/sala-mario-covas.jpg?fit=957%2C638","contentUrl":"https:\/\/i0.wp.com\/www.rauldesa.com.br\/site\/wp-content\/uploads\/2016\/08\/sala-mario-covas.jpg?fit=957%2C638","width":957,"height":638},{"@type":"BreadcrumbList","@id":"http:\/\/www.rauldesa.com.br\/site\/namaste-course\/curso-de-piano\/#breadcrumb","itemListElement":[{"@type":"ListItem","position":1,"name":"In\u00edcio","item":"http:\/\/www.rauldesa.com.br\/site\/"},{"@type":"ListItem","position":2,"name":"Curso de Piano Pr\u00e1tico para M\u00fasica Popular."}]},{"@type":"WebSite","@id":"http:\/\/www.rauldesa.com.br\/site\/#website","url":"http:\/\/www.rauldesa.com.br\/site\/","name":"Raul de S\u00e1","description":"M\u00fasico Profissional.","publisher":{"@id":"http:\/\/www.rauldesa.com.br\/site\/#\/schema\/person\/735a515907ce4ba24a43bcf7f4722977"},"potentialAction":[{"@type":"SearchAction","target":{"@type":"EntryPoint","urlTemplate":"http:\/\/www.rauldesa.com.br\/site\/?s={search_term_string}"},"query-input":{"@type":"PropertyValueSpecification","valueRequired":true,"valueName":"search_term_string"}}],"inLanguage":"pt-BR"},{"@type":["Person","Organization"],"@id":"http:\/\/www.rauldesa.com.br\/site\/#\/schema\/person\/735a515907ce4ba24a43bcf7f4722977","name":"rauldesa","image":{"@type":"ImageObject","inLanguage":"pt-BR","@id":"https:\/\/secure.gravatar.com\/avatar\/e0aa5955837acbfd814978e4b39c23a91990975c69521ac84b077a7eb36365c8?s=96&d=mm&r=g","url":"https:\/\/secure.gravatar.com\/avatar\/e0aa5955837acbfd814978e4b39c23a91990975c69521ac84b077a7eb36365c8?s=96&d=mm&r=g","contentUrl":"https:\/\/secure.gravatar.com\/avatar\/e0aa5955837acbfd814978e4b39c23a91990975c69521ac84b077a7eb36365c8?s=96&d=mm&r=g","caption":"rauldesa"},"logo":{"@id":"https:\/\/secure.gravatar.com\/avatar\/e0aa5955837acbfd814978e4b39c23a91990975c69521ac84b077a7eb36365c8?s=96&d=mm&r=g"}}]}},"jetpack_sharing_enabled":true,"jetpack_likes_enabled":true,"_links":{"self":[{"href":"http:\/\/www.rauldesa.com.br\/site\/wp-json\/wp\/v2\/namaste_course\/602","targetHints":{"allow":["GET"]}}],"collection":[{"href":"http:\/\/www.rauldesa.com.br\/site\/wp-json\/wp\/v2\/namaste_course"}],"about":[{"href":"http:\/\/www.rauldesa.com.br\/site\/wp-json\/wp\/v2\/types\/namaste_course"}],"author":[{"embeddable":true,"href":"http:\/\/www.rauldesa.com.br\/site\/wp-json\/wp\/v2\/users\/1"}],"replies":[{"embeddable":true,"href":"http:\/\/www.rauldesa.com.br\/site\/wp-json\/wp\/v2\/comments?post=602"}],"wp:featuredmedia":[{"embeddable":true,"href":"http:\/\/www.rauldesa.com.br\/site\/wp-json\/wp\/v2\/media\/270"}],"wp:attachment":[{"href":"http:\/\/www.rauldesa.com.br\/site\/wp-json\/wp\/v2\/media?parent=602"}],"wp:term":[{"taxonomy":"category","embeddable":true,"href":"http:\/\/www.rauldesa.com.br\/site\/wp-json\/wp\/v2\/categories?post=602"},{"taxonomy":"post_tag","embeddable":true,"href":"http:\/\/www.rauldesa.com.br\/site\/wp-json\/wp\/v2\/tags?post=602"}],"curies":[{"name":"wp","href":"https:\/\/api.w.org\/{rel}","templated":true}]}}